{"id":2774,"date":"2025-03-26T10:42:00","date_gmt":"2025-03-26T09:42:00","guid":{"rendered":"https:\/\/www.tkpraha.cz\/?page_id=2774"},"modified":"2025-11-05T12:52:32","modified_gmt":"2025-11-05T11:52:32","slug":"photo-gallery","status":"publish","type":"page","link":"https:\/\/www.tkpraha.cz\/en\/students\/photo-gallery\/","title":{"rendered":"Photo gallery"},"content":{"rendered":"<div class=\"wpb-content-wrapper\"><p>[vc_row row_height_percent=&#8221;80&#8243; override_padding=&#8221;yes&#8221; h_padding=&#8221;2&#8243; top_padding=&#8221;5&#8243; bottom_padding=&#8221;5&#8243; back_color=&#8221;color-dark&#8221; back_image=&#8221;1897&#8243; overlay_alpha=&#8221;66&#8243; gutter_size=&#8221;3&#8243; column_width_percent=&#8221;100&#8243; shift_y=&#8221;0&#8243; z_index=&#8221;0&#8243; enable_bottom_divider=&#8221;default&#8221; bottom_divider=&#8221;tilt&#8221; shape_bottom_h_use_pixel=&#8221;&#8221; shape_bottom_height=&#8221;48&#8243; shape_bottom_color=&#8221;color-white&#8221; shape_bottom_opacity=&#8221;100&#8243; shape_bottom_index=&#8221;0&#8243; content_parallax=&#8221;0&#8243; uncode_shortcode_id=&#8221;682886&#8243; back_color_type=&#8221;uncode-palette&#8221; overlay_color_type=&#8221;uncode-gradient&#8221; overlay_color_gradient=&#8221;{&#8220;css&#8220;:&#8220;background: linear-gradient(to right , rgb(20, 23, 31) 31% , rgba(20, 23, 31, 0) 68%);&#8220;,&#8220;sliders&#8220;:`{`{&#8220;color&#8220;:&#8220;rgb(20, 23, 31)&#8220;,&#8220;position&#8220;:31},{&#8220;color&#8220;:&#8220;rgba(20, 23, 31, 0)&#8220;,&#8220;position&#8220;:68}`}`,&#8220;type&#8220;:&#8220;linear&#8220;,&#8220;direction&#8220;:&#8220;left&#8220;}&#8221; shape_bottom_color_type=&#8221;uncode-palette&#8221; el_class=&#8221;section-hero&#8221;][vc_column column_width_percent=&#8221;100&#8243; position_vertical=&#8221;middle&#8221; gutter_size=&#8221;3&#8243; style=&#8221;dark&#8221; overlay_alpha=&#8221;50&#8243; shift_x=&#8221;0&#8243; shift_y=&#8221;0&#8243; shift_y_down=&#8221;0&#8243; z_index=&#8221;0&#8243; medium_width=&#8221;0&#8243; mobile_width=&#8221;0&#8243; css_animation=&#8221;left-t-right&#8221; animation_delay=&#8221;400&#8243; width=&#8221;5\/12&#8243; uncode_shortcode_id=&#8221;897066&#8243;][vc_row_inner limit_content=&#8221;&#8221;][vc_column_inner column_width_percent=&#8221;100&#8243; position_horizontal=&#8221;right&#8221; position_vertical=&#8221;middle&#8221; gutter_size=&#8221;3&#8243; style=&#8221;dark&#8221; overlay_alpha=&#8221;50&#8243; shift_x=&#8221;0&#8243; shift_y=&#8221;0&#8243; shift_y_down=&#8221;0&#8243; z_index=&#8221;0&#8243; medium_width=&#8221;0&#8243; mobile_width=&#8221;0&#8243; width=&#8221;1\/1&#8243; uncode_shortcode_id=&#8221;738570&#8243;][vc_empty_space empty_h=&#8221;3&#8243;][vc_custom_heading heading_semantic=&#8221;h1&#8243; text_size=&#8221;h1&#8243; uncode_shortcode_id=&#8221;161012&#8243;]Photo gallery[\/vc_custom_heading][vc_column_text text_lead=&#8221;yes&#8221; uncode_shortcode_id=&#8221;130700&#8243;]Let yourself be drawn into moments from our performances[\/vc_column_text][vc_empty_space empty_h=&#8221;3&#8243;][\/vc_column_inner][\/vc_row_inner][\/vc_column][vc_column column_width_percent=&#8221;100&#8243; gutter_size=&#8221;3&#8243; overlay_alpha=&#8221;50&#8243; shift_x=&#8221;0&#8243; shift_y=&#8221;0&#8243; shift_y_down=&#8221;0&#8243; z_index=&#8221;0&#8243; medium_width=&#8221;0&#8243; mobile_width=&#8221;0&#8243; width=&#8221;7\/12&#8243; uncode_shortcode_id=&#8221;204786&#8243;][\/vc_column][\/vc_row][vc_row][vc_column column_width_percent=&#8221;50&#8243; gutter_size=&#8221;3&#8243; override_padding=&#8221;yes&#8221; column_padding=&#8221;1&#8243; overlay_alpha=&#8221;50&#8243; shift_x=&#8221;0&#8243; shift_y=&#8221;0&#8243; shift_y_down=&#8221;0&#8243; z_index=&#8221;0&#8243; medium_width=&#8221;0&#8243; mobile_width=&#8221;0&#8243; width=&#8221;1\/1&#8243; uncode_shortcode_id=&#8221;987406&#8243;][vc_empty_space empty_h=&#8221;2&#8243;][\/vc_column][\/vc_row][vc_row unlock_row=&#8221;&#8221; row_height_percent=&#8221;100&#8243; overlay_alpha=&#8221;50&#8243; gutter_size=&#8221;3&#8243; column_width_percent=&#8221;87&#8243; shift_y=&#8221;0&#8243; z_index=&#8221;0&#8243; content_parallax=&#8221;0&#8243; uncode_shortcode_id=&#8221;163019&#8243;][vc_column width=&#8221;1\/1&#8243;][vc_column_text uncode_shortcode_id=&#8221;120510&#8243;]<\/p>\n<h4>Graduation performance \/ 20 and 21. June 2025 \/ Estates Theatre<\/h4>\n<p>Photo by Serghei Gherciu<\/p>\n<p>[\/vc_column_text][\/vc_column][\/vc_row][vc_row unlock_row=&#8221;&#8221; row_height_percent=&#8221;9&#8243; overlay_alpha=&#8221;50&#8243; gutter_size=&#8221;3&#8243; column_width_percent=&#8221;87&#8243; shift_y=&#8221;0&#8243; z_index=&#8221;0&#8243; content_parallax=&#8221;0&#8243; uncode_shortcode_id=&#8221;167242&#8243;][vc_column width=&#8221;1\/2&#8243;][vc_column_text uncode_shortcode_id=&#8221;165089&#8243;]<\/p>\n<h4>Dance session \/ 10. April 2025 \/ New Spiral<\/h4>\n<p>Photos by Jan Bors[\/vc_column_text][vc_gallery el_id=&#8221;gallery-8202589&#8243; type=&#8221;css_grid&#8221; medias=&#8221;2840,2829,2827,2824,2415,2823,2825,2826,2828,2830,2831,2832,2833,2834,2835,2413,2836,2837,2838,2839,2841,2842,2843,2844,2845&#8243; explode_albums=&#8221;yes&#8221; screen_lg_items=&#8221;3&#8243; screen_lg_breakpoint=&#8221;1000&#8243; screen_md_items=&#8221;2&#8243; screen_md_breakpoint=&#8221;600&#8243; screen_sm_items=&#8221;1&#8243; screen_sm_breakpoint=&#8221;480&#8243; gutter_size=&#8221;0&#8243; css_grid_images_size=&#8221;one-one&#8221; single_shape=&#8221;round&#8221; single_overlay_opacity=&#8221;50&#8243; single_h_align=&#8221;justify&#8221; single_padding=&#8221;2&#8243; uncode_shortcode_id=&#8221;155966&#8243;][\/vc_column][vc_column width=&#8221;1\/2&#8243;][vc_column_text uncode_shortcode_id=&#8221;908971&#8243;]<\/p>\n<h4><strong>Word and Dance \/ 2. March 2025 \/ Vinohrady Theatre<\/strong><\/h4>\n<p>Photo by Serghei Gherciu[\/vc_column_text][vc_gallery el_id=&#8221;gallery-2069546&#8243; type=&#8221;css_grid&#8221; medias=&#8221;3281,2643,3276,3288,3278,3275,3284,3283,3286,3285,3268,3282,2417,3269,3280,3279,3277,3267,3274,3272,3271,3266,3265,3224,3264,2644&#8243; explode_albums=&#8221;yes&#8221; screen_lg_items=&#8221;3&#8243; screen_lg_breakpoint=&#8221;1000&#8243; screen_md_items=&#8221;2&#8243; screen_md_breakpoint=&#8221;600&#8243; screen_sm_items=&#8221;1&#8243; screen_sm_breakpoint=&#8221;480&#8243; gutter_size=&#8221;0&#8243; css_grid_images_size=&#8221;one-one&#8221; single_shape=&#8221;round&#8221; single_overlay_opacity=&#8221;50&#8243; single_h_align=&#8221;justify&#8221; single_padding=&#8221;2&#8243; uncode_shortcode_id=&#8221;198590&#8243; items=&#8221;eyIxODk4X2kiOnsic2luZ2xlX2JhY2tfY29sb3IiOiJncmFkaWVudC13aGl0ZXNtb2tlIiwic2luZ2xlX3NoYXBlIjoicm91bmQiLCJzaW5nbGVfb3ZlcmxheV9jb2xvcmF0aW9uIjoidG9wX2dyYWRpZW50Iiwic2luZ2xlX2ljb24iOiJmYSBmYS1jYW1lcmEifX0=&#8221;][\/vc_column][\/vc_row][vc_row unlock_row=&#8221;&#8221; row_height_percent=&#8221;9&#8243; overlay_alpha=&#8221;50&#8243; gutter_size=&#8221;3&#8243; column_width_percent=&#8221;100&#8243; shift_y=&#8221;0&#8243; z_index=&#8221;0&#8243; content_parallax=&#8221;0&#8243; uncode_shortcode_id=&#8221;493672&#8243;][vc_column width=&#8221;1\/2&#8243;][vc_column_text uncode_shortcode_id=&#8221;529287&#8243;]<\/p>\n<h4>International Dance Day \/ 29. April 2025 \/ New Scene<\/h4>\n<p>Photo by Martin Div\u00ed\u0161ek[\/vc_column_text][vc_gallery el_id=&#8221;gallery-820258&#8243; type=&#8221;css_grid&#8221; medias=&#8221;2797,2813,2816,2809,2808,2810,2811,2812,2814,2804,2805,2803,2799,2807,2806,2798,2802,2800,2801,2796&#8243; explode_albums=&#8221;yes&#8221; screen_lg_items=&#8221;3&#8243; screen_lg_breakpoint=&#8221;1000&#8243; screen_md_items=&#8221;2&#8243; screen_md_breakpoint=&#8221;600&#8243; screen_sm_items=&#8221;1&#8243; screen_sm_breakpoint=&#8221;480&#8243; gutter_size=&#8221;0&#8243; css_grid_images_size=&#8221;one-one&#8221; single_shape=&#8221;round&#8221; single_overlay_opacity=&#8221;50&#8243; single_h_align=&#8221;justify&#8221; single_padding=&#8221;2&#8243; uncode_shortcode_id=&#8221;118105&#8243;][\/vc_column][vc_column width=&#8221;1\/2&#8243;][vc_column_text uncode_shortcode_id=&#8221;718444&#8243;]<\/p>\n<h4><strong>Dance closer to Christmas \/ 20. December 2024 \/ Na Rejdi\u0161ti Theatre<\/strong><\/h4>\n<p>Photo by Tereza Hrub\u00e1[\/vc_column_text][vc_gallery el_id=&#8221;gallery-2069549&#8243; type=&#8221;css_grid&#8221; medias=&#8221;2795,2794,2783,2782,2793,2791,2790,2789,2788,2787,2785,2781,2777,2778,2779,2786,2776,2784,2780,2642&#8243; explode_albums=&#8221;yes&#8221; screen_lg_items=&#8221;3&#8243; screen_lg_breakpoint=&#8221;1000&#8243; screen_md_items=&#8221;2&#8243; screen_md_breakpoint=&#8221;600&#8243; screen_sm_items=&#8221;1&#8243; screen_sm_breakpoint=&#8221;480&#8243; gutter_size=&#8221;0&#8243; css_grid_images_size=&#8221;one-one&#8221; single_shape=&#8221;round&#8221; single_overlay_opacity=&#8221;50&#8243; single_padding=&#8221;2&#8243; uncode_shortcode_id=&#8221;175576&#8243; items=&#8221;eyIxODk4X2kiOnsic2luZ2xlX2JhY2tfY29sb3IiOiJncmFkaWVudC13aGl0ZXNtb2tlIiwic2luZ2xlX3NoYXBlIjoicm91bmQiLCJzaW5nbGVfb3ZlcmxheV9jb2xvcmF0aW9uIjoidG9wX2dyYWRpZW50Iiwic2luZ2xlX2ljb24iOiJmYSBmYS1jYW1lcmEifX0=&#8221;][\/vc_column][\/vc_row][vc_row unlock_row=&#8221;&#8221; row_height_percent=&#8221;9&#8243; overlay_alpha=&#8221;50&#8243; gutter_size=&#8221;3&#8243; column_width_percent=&#8221;100&#8243; shift_y=&#8221;0&#8243; z_index=&#8221;0&#8243; content_parallax=&#8221;0&#8243; uncode_shortcode_id=&#8221;936907&#8243;][vc_column width=&#8221;1\/2&#8243;][vc_column_text uncode_shortcode_id=&#8221;140750&#8243;]<\/p>\n<h4><strong>Dance session \/ 5. December 2024 \/ Slan\u00fd Municipal Theatre<\/strong><\/h4>\n<p>Photo by Tereza Hrub\u00e1[\/vc_column_text][vc_gallery el_id=&#8221;gallery-820258&#8243; type=&#8221;css_grid&#8221; medias=&#8221;2858,2857,2856,2853,2852,2851,2850,2849,2848,2847,2855,2854,2859,2641&#8243; explode_albums=&#8221;yes&#8221; screen_lg_items=&#8221;3&#8243; screen_lg_breakpoint=&#8221;1000&#8243; screen_md_items=&#8221;2&#8243; screen_md_breakpoint=&#8221;600&#8243; screen_sm_items=&#8221;1&#8243; screen_sm_breakpoint=&#8221;480&#8243; gutter_size=&#8221;0&#8243; css_grid_images_size=&#8221;one-one&#8221; single_shape=&#8221;round&#8221; single_overlay_opacity=&#8221;50&#8243; single_h_align=&#8221;justify&#8221; single_padding=&#8221;2&#8243; post_matrix=&#8221;matrix&#8221; uncode_shortcode_id=&#8221;165199&#8243;][\/vc_column][vc_column width=&#8221;1\/2&#8243;][vc_column_text uncode_shortcode_id=&#8221;107644&#8243;]<\/p>\n<h4><strong>International Dance Day \/ 29. April 2025 \/ Shooting Island<\/strong><\/h4>\n<p><span style=\"color: #ffffff;\">F<\/span>[\/vc_column_text][vc_gallery el_id=&#8221;gallery-820258&#8243; type=&#8221;css_grid&#8221; medias=&#8221;2822,2818,2817,2819,2820,2821&#8243; explode_albums=&#8221;yes&#8221; screen_lg_items=&#8221;3&#8243; screen_lg_breakpoint=&#8221;1000&#8243; screen_md_items=&#8221;2&#8243; screen_md_breakpoint=&#8221;600&#8243; screen_sm_items=&#8221;1&#8243; screen_sm_breakpoint=&#8221;480&#8243; gutter_size=&#8221;0&#8243; css_grid_images_size=&#8221;one-one&#8221; single_shape=&#8221;round&#8221; single_overlay_opacity=&#8221;50&#8243; single_padding=&#8221;2&#8243; uncode_shortcode_id=&#8221;141065&#8243;][\/vc_column][\/vc_row]<\/p>\n<\/div>","protected":false},"excerpt":{"rendered":"<p>[vc_row row_height_percent=&#8221;80&#8243; override_padding=&#8221;yes&#8221; h_padding=&#8221;2&#8243; top_padding=&#8221;5&#8243; bottom_padding=&#8221;5&#8243; back_color=&#8221;color-dark&#8221; back_image=&#8221;1897&#8243; overlay_alpha=&#8221;66&#8243; gutter_size=&#8221;3&#8243; column_width_percent=&#8221;100&#8243; shift_y=&#8221;0&#8243; z_index=&#8221;0&#8243; enable_bottom_divider=&#8221;default&#8221; bottom_divider=&#8221;tilt&#8221; shape_bottom_h_use_pixel=&#8221;&#8221; shape_bottom_height=&#8221;48&#8243; shape_bottom_color=&#8221;color-white&#8221; shape_bottom_opacity=&#8221;100&#8243; shape_bottom_index=&#8221;0&#8243; [&hellip;]<\/p>\n","protected":false},"author":4,"featured_media":3224,"parent":2773,"menu_order":0,"comment_status":"closed","ping_status":"closed","template":"","meta":{"_mc_calendar":[],"footnotes":""},"class_list":["post-2774","page","type-page","status-publish","has-post-thumbnail","hentry"],"yoast_head":"<!-- This site is optimized with the Yoast SEO plugin v27.2 - https:\/\/yoast.com\/product\/yoast-seo-wordpress\/ -->\n<title>Photo gallery &#8211; Tane\u010dn\u00ed konzervato\u0159 hl. m. Prahy<\/title>\n<meta name=\"robots\" content=\"index, follow, max-snippet:-1, max-image-preview:large, max-video-preview:-1\" \/>\n<link rel=\"canonical\" href=\"https:\/\/www.tkpraha.cz\/en\/students\/photo-gallery\/\" \/>\n<meta property=\"og:locale\" content=\"en_US\" \/>\n<meta property=\"og:type\" content=\"article\" \/>\n<meta property=\"og:title\" content=\"Photo gallery &#8211; Tane\u010dn\u00ed konzervato\u0159 hl. m. Prahy\" \/>\n<meta property=\"og:description\" content=\"[vc_row row_height_percent=&#8221;80&#8243; override_padding=&#8221;yes&#8221; h_padding=&#8221;2&#8243; top_padding=&#8221;5&#8243; bottom_padding=&#8221;5&#8243; back_color=&#8221;color-dark&#8221; back_image=&#8221;1897&#8243; overlay_alpha=&#8221;66&#8243; gutter_size=&#8221;3&#8243; column_width_percent=&#8221;100&#8243; shift_y=&#8221;0&#8243; z_index=&#8221;0&#8243; enable_bottom_divider=&#8221;default&#8221; bottom_divider=&#8221;tilt&#8221; shape_bottom_h_use_pixel=&#8221;&#8221; shape_bottom_height=&#8221;48&#8243; shape_bottom_color=&#8221;color-white&#8221; shape_bottom_opacity=&#8221;100&#8243; shape_bottom_index=&#8221;0&#8243; [&hellip;]\" \/>\n<meta property=\"og:url\" content=\"https:\/\/www.tkpraha.cz\/en\/students\/photo-gallery\/\" \/>\n<meta property=\"og:site_name\" content=\"Tane\u010dn\u00ed konzervato\u0159 hl. m. Prahy\" \/>\n<meta property=\"article:modified_time\" content=\"2025-11-05T11:52:32+00:00\" \/>\n<meta property=\"og:image\" content=\"https:\/\/www.tkpraha.cz\/wp-content\/uploads\/2025\/03\/02_03_TKP_-c-S.-Gherciu-512-scaled.jpg\" \/>\n\t<meta property=\"og:image:width\" content=\"2048\" \/>\n\t<meta property=\"og:image:height\" content=\"2560\" \/>\n\t<meta property=\"og:image:type\" content=\"image\/jpeg\" \/>\n<meta name=\"twitter:card\" content=\"summary_large_image\" \/>\n<meta name=\"twitter:label1\" content=\"Est. reading time\" \/>\n\t<meta name=\"twitter:data1\" content=\"5 minutes\" \/>\n<script type=\"application\/ld+json\" class=\"yoast-schema-graph\">{\"@context\":\"https:\/\/schema.org\",\"@graph\":[{\"@type\":\"WebPage\",\"@id\":\"https:\/\/www.tkpraha.cz\/en\/students\/photo-gallery\/\",\"url\":\"https:\/\/www.tkpraha.cz\/en\/students\/photo-gallery\/\",\"name\":\"Photo gallery &#8211; Tane\u010dn\u00ed konzervato\u0159 hl. m. Prahy\",\"isPartOf\":{\"@id\":\"https:\/\/www.tkpraha.cz\/en\/#website\"},\"primaryImageOfPage\":{\"@id\":\"https:\/\/www.tkpraha.cz\/en\/students\/photo-gallery\/#primaryimage\"},\"image\":{\"@id\":\"https:\/\/www.tkpraha.cz\/en\/students\/photo-gallery\/#primaryimage\"},\"thumbnailUrl\":\"https:\/\/www.tkpraha.cz\/wp-content\/uploads\/2025\/03\/02_03_TKP_-c-S.-Gherciu-512-scaled.jpg\",\"datePublished\":\"2025-03-26T09:42:00+00:00\",\"dateModified\":\"2025-11-05T11:52:32+00:00\",\"breadcrumb\":{\"@id\":\"https:\/\/www.tkpraha.cz\/en\/students\/photo-gallery\/#breadcrumb\"},\"inLanguage\":\"en-US\",\"potentialAction\":[{\"@type\":\"ReadAction\",\"target\":[\"https:\/\/www.tkpraha.cz\/en\/students\/photo-gallery\/\"]}]},{\"@type\":\"ImageObject\",\"inLanguage\":\"en-US\",\"@id\":\"https:\/\/www.tkpraha.cz\/en\/students\/photo-gallery\/#primaryimage\",\"url\":\"https:\/\/www.tkpraha.cz\/wp-content\/uploads\/2025\/03\/02_03_TKP_-c-S.-Gherciu-512-scaled.jpg\",\"contentUrl\":\"https:\/\/www.tkpraha.cz\/wp-content\/uploads\/2025\/03\/02_03_TKP_-c-S.-Gherciu-512-scaled.jpg\",\"width\":2048,\"height\":2560},{\"@type\":\"BreadcrumbList\",\"@id\":\"https:\/\/www.tkpraha.cz\/en\/students\/photo-gallery\/#breadcrumb\",\"itemListElement\":[{\"@type\":\"ListItem\",\"position\":1,\"name\":\"Dom\u016f\",\"item\":\"https:\/\/www.tkpraha.cz\/en\/homepage\/\"},{\"@type\":\"ListItem\",\"position\":2,\"name\":\"Students\",\"item\":\"https:\/\/www.tkpraha.cz\/en\/students\/\"},{\"@type\":\"ListItem\",\"position\":3,\"name\":\"Photo gallery\"}]},{\"@type\":\"WebSite\",\"@id\":\"https:\/\/www.tkpraha.cz\/en\/#website\",\"url\":\"https:\/\/www.tkpraha.cz\/en\/\",\"name\":\"Tane\u010dn\u00ed konzervato\u0159 hl. m. Prahy\",\"description\":\"M\u00edsto, kde se rod\u00ed tan\u010dn\u00edci\",\"potentialAction\":[{\"@type\":\"SearchAction\",\"target\":{\"@type\":\"EntryPoint\",\"urlTemplate\":\"https:\/\/www.tkpraha.cz\/en\/?s={search_term_string}\"},\"query-input\":{\"@type\":\"PropertyValueSpecification\",\"valueRequired\":true,\"valueName\":\"search_term_string\"}}],\"inLanguage\":\"en-US\"}]}<\/script>\n<!-- \/ Yoast SEO plugin. -->","yoast_head_json":{"title":"Photo gallery &#8211; Tane\u010dn\u00ed konzervato\u0159 hl. m. Prahy","robots":{"index":"index","follow":"follow","max-snippet":"max-snippet:-1","max-image-preview":"max-image-preview:large","max-video-preview":"max-video-preview:-1"},"canonical":"https:\/\/www.tkpraha.cz\/en\/students\/photo-gallery\/","og_locale":"en_US","og_type":"article","og_title":"Photo gallery &#8211; Tane\u010dn\u00ed konzervato\u0159 hl. m. Prahy","og_description":"[vc_row row_height_percent=&#8221;80&#8243; override_padding=&#8221;yes&#8221; h_padding=&#8221;2&#8243; top_padding=&#8221;5&#8243; bottom_padding=&#8221;5&#8243; back_color=&#8221;color-dark&#8221; back_image=&#8221;1897&#8243; overlay_alpha=&#8221;66&#8243; gutter_size=&#8221;3&#8243; column_width_percent=&#8221;100&#8243; shift_y=&#8221;0&#8243; z_index=&#8221;0&#8243; enable_bottom_divider=&#8221;default&#8221; bottom_divider=&#8221;tilt&#8221; shape_bottom_h_use_pixel=&#8221;&#8221; shape_bottom_height=&#8221;48&#8243; shape_bottom_color=&#8221;color-white&#8221; shape_bottom_opacity=&#8221;100&#8243; shape_bottom_index=&#8221;0&#8243; [&hellip;]","og_url":"https:\/\/www.tkpraha.cz\/en\/students\/photo-gallery\/","og_site_name":"Tane\u010dn\u00ed konzervato\u0159 hl. m. Prahy","article_modified_time":"2025-11-05T11:52:32+00:00","og_image":[{"width":2048,"height":2560,"url":"https:\/\/www.tkpraha.cz\/wp-content\/uploads\/2025\/03\/02_03_TKP_-c-S.-Gherciu-512-scaled.jpg","type":"image\/jpeg"}],"twitter_card":"summary_large_image","twitter_misc":{"Est. reading time":"5 minutes"},"schema":{"@context":"https:\/\/schema.org","@graph":[{"@type":"WebPage","@id":"https:\/\/www.tkpraha.cz\/en\/students\/photo-gallery\/","url":"https:\/\/www.tkpraha.cz\/en\/students\/photo-gallery\/","name":"Photo gallery &#8211; Tane\u010dn\u00ed konzervato\u0159 hl. m. Prahy","isPartOf":{"@id":"https:\/\/www.tkpraha.cz\/en\/#website"},"primaryImageOfPage":{"@id":"https:\/\/www.tkpraha.cz\/en\/students\/photo-gallery\/#primaryimage"},"image":{"@id":"https:\/\/www.tkpraha.cz\/en\/students\/photo-gallery\/#primaryimage"},"thumbnailUrl":"https:\/\/www.tkpraha.cz\/wp-content\/uploads\/2025\/03\/02_03_TKP_-c-S.-Gherciu-512-scaled.jpg","datePublished":"2025-03-26T09:42:00+00:00","dateModified":"2025-11-05T11:52:32+00:00","breadcrumb":{"@id":"https:\/\/www.tkpraha.cz\/en\/students\/photo-gallery\/#breadcrumb"},"inLanguage":"en-US","potentialAction":[{"@type":"ReadAction","target":["https:\/\/www.tkpraha.cz\/en\/students\/photo-gallery\/"]}]},{"@type":"ImageObject","inLanguage":"en-US","@id":"https:\/\/www.tkpraha.cz\/en\/students\/photo-gallery\/#primaryimage","url":"https:\/\/www.tkpraha.cz\/wp-content\/uploads\/2025\/03\/02_03_TKP_-c-S.-Gherciu-512-scaled.jpg","contentUrl":"https:\/\/www.tkpraha.cz\/wp-content\/uploads\/2025\/03\/02_03_TKP_-c-S.-Gherciu-512-scaled.jpg","width":2048,"height":2560},{"@type":"BreadcrumbList","@id":"https:\/\/www.tkpraha.cz\/en\/students\/photo-gallery\/#breadcrumb","itemListElement":[{"@type":"ListItem","position":1,"name":"Dom\u016f","item":"https:\/\/www.tkpraha.cz\/en\/homepage\/"},{"@type":"ListItem","position":2,"name":"Students","item":"https:\/\/www.tkpraha.cz\/en\/students\/"},{"@type":"ListItem","position":3,"name":"Photo gallery"}]},{"@type":"WebSite","@id":"https:\/\/www.tkpraha.cz\/en\/#website","url":"https:\/\/www.tkpraha.cz\/en\/","name":"Tane\u010dn\u00ed konzervato\u0159 hl. m. Prahy","description":"M\u00edsto, kde se rod\u00ed tan\u010dn\u00edci","potentialAction":[{"@type":"SearchAction","target":{"@type":"EntryPoint","urlTemplate":"https:\/\/www.tkpraha.cz\/en\/?s={search_term_string}"},"query-input":{"@type":"PropertyValueSpecification","valueRequired":true,"valueName":"search_term_string"}}],"inLanguage":"en-US"}]}},"_links":{"self":[{"href":"https:\/\/www.tkpraha.cz\/en\/wp-json\/wp\/v2\/pages\/2774","targetHints":{"allow":["GET"]}}],"collection":[{"href":"https:\/\/www.tkpraha.cz\/en\/wp-json\/wp\/v2\/pages"}],"about":[{"href":"https:\/\/www.tkpraha.cz\/en\/wp-json\/wp\/v2\/types\/page"}],"author":[{"embeddable":true,"href":"https:\/\/www.tkpraha.cz\/en\/wp-json\/wp\/v2\/users\/4"}],"replies":[{"embeddable":true,"href":"https:\/\/www.tkpraha.cz\/en\/wp-json\/wp\/v2\/comments?post=2774"}],"version-history":[{"count":18,"href":"https:\/\/www.tkpraha.cz\/en\/wp-json\/wp\/v2\/pages\/2774\/revisions"}],"predecessor-version":[{"id":3360,"href":"https:\/\/www.tkpraha.cz\/en\/wp-json\/wp\/v2\/pages\/2774\/revisions\/3360"}],"up":[{"embeddable":true,"href":"https:\/\/www.tkpraha.cz\/en\/wp-json\/wp\/v2\/pages\/2773"}],"wp:featuredmedia":[{"embeddable":true,"href":"https:\/\/www.tkpraha.cz\/en\/wp-json\/wp\/v2\/media\/3224"}],"wp:attachment":[{"href":"https:\/\/www.tkpraha.cz\/en\/wp-json\/wp\/v2\/media?parent=2774"}],"curies":[{"name":"wp","href":"https:\/\/api.w.org\/{rel}","templated":true}]}}